{"id":1,"seo":{"title":"Stiftung \u201eJugendaustausch Bayern\u201c: Internationaler Jugend- und Sch\u00fcleraustausch f\u00fcr alle in Bayern","meta":[{"name":"description","content":"Jeder junge Mensch in Bayern soll w\u00e4hrend seiner Schul- und Ausbildungszeit an einem internationalen Jugendaustausch teilnehmen k\u00f6nnen! Wir informieren zu Angeboten, Finanzierung und Beratungsstellen f\u00fcr den Weg ins Ausland, vernetzen und f\u00f6rdern Austausch f\u00fcr bestimmte Zielgruppen sowie L\u00e4nder und Regionen."},{"name":"generator","content":"TYPO3 CMS x T3Headless"},{"name":"twitter:card","content":"summary"}],"link":[{"href":"https:\/\/jugendaustausch.bayern\/","rel":"canonical"}],"htmlAttrs":{"lang":"de","dir":null},"bodyAttrs":{"class":"pid-1 layout-none"}},"meta":{"title":"Internationaler Jugend- und Sch\u00fcleraustausch f\u00fcr alle in Bayern","subtitle":"","abstract":"Entdecke Austauschprogramme f\u00fcr Sch\u00fclerinnen und Sch\u00fcler aus Bayern weltweit. Informationen zu Angeboten, Finanzierung und Beratung \u2013 jetzt mehr erfahren!","description":"Jeder junge Mensch in Bayern soll w\u00e4hrend seiner Schul- und Ausbildungszeit an einem internationalen Jugendaustausch teilnehmen k\u00f6nnen! Wir informieren zu Angeboten, Finanzierung und Beratungsstellen f\u00fcr den Weg ins Ausland, vernetzen und f\u00f6rdern Austausch f\u00fcr bestimmte Zielgruppen sowie L\u00e4nder und Regionen.","keywords":"","canonical":"","robots":{"noIndex":false,"noFollow":false},"author":"","authorEmail":"","ogTitle":"Stiftung Jugendaustausch Bayern","ogDescription":"Jeder junge Mensch in Bayern soll w\u00e4hrend seiner Schul- und Ausbildungszeit an einem internationalen Jugendaustausch teilnehmen k\u00f6nnen! Wir informieren zu Angeboten, Finanzierung und Beratungsstellen f\u00fcr den Weg ins Ausland, vernetzen und f\u00f6rdern Austausch f\u00fcr bestimmte Zielgruppen sowie L\u00e4nder und Regionen.","ogImage":null,"twitterTitle":"Stiftung Jugendaustausch Bayern","twitterDescription":"Jeder junge Mensch in Bayern soll w\u00e4hrend seiner Schul- und Ausbildungszeit an einem internationalen Jugendaustausch teilnehmen k\u00f6nnen! Wir informieren zu Angeboten, Finanzierung und Beratungsstellen f\u00fcr den Weg ins Ausland, vernetzen und f\u00f6rdern Austausch f\u00fcr bestimmte Zielgruppen sowie L\u00e4nder und Regionen.","twitterCard":"summary","twitterImage":null},"navigation":[{"title":"Was ist Jugendaustausch?","link":"\/was-ist-jugendaustausch\/","target":"","current":0,"uid":2,"children":[{"title":"FAQ Jugend- und Sch\u00fcleraustausch","link":"\/was-ist-jugendaustausch\/haeufige-fragen-zum-jugend-und-schueleraustausch\/","target":"","current":0,"uid":121,"children":[{"title":"FAQ von Jugendlichen","link":"\/was-ist-jugendaustausch\/faq-von-jugendlichen\/","target":"","current":0,"uid":14},{"title":"FAQ von Lehrkr\u00e4ften","link":"\/was-ist-jugendaustausch\/faq-schueleraustausch-lehrkraefte\/","target":"","current":0,"uid":117},{"title":"FAQ von Fachkr\u00e4ften der Jugendarbeit","link":"\/was-ist-jugendaustausch\/faq-fachkraefte-jugendarbeit\/","target":"","current":0,"uid":120}]},{"title":"5 Gr\u00fcnde f\u00fcr einen Jugendaustausch","link":"\/was-ist-jugendaustausch\/5-gruende-fuer-einen-jugendaustausch\/","target":"","current":0,"uid":89},{"title":"Interviews mit Jugendlichen","link":"\/was-ist-jugendaustausch\/interviews-mit-jugendlichen\/","target":"","current":0,"uid":15},{"title":"Interviews mit Fach- und Lehrkr\u00e4ften","link":"\/was-ist-jugendaustausch\/interviews-mit-fach-und-lehrkraeften\/","target":"","current":0,"uid":115}]},{"title":"Wie ins Ausland?","link":"\/wie-ins-ausland\/","target":"","current":0,"uid":103,"children":[{"title":"Auslandskompass","link":"\/wie-ins-ausland\/auslandskompass\/","target":"","current":0,"uid":73},{"title":"Was und wohin?","link":"\/wie-ins-ausland\/was-und-wohin\/","target":"","current":0,"uid":72},{"title":"Angebote aus Bayern","link":"\/wie-ins-ausland\/angebote-aus-bayern\/","target":"","current":0,"uid":93},{"title":"Last Minute Markt","link":"\/wie-ins-ausland\/last-minute-markt\/","target":"","current":0,"uid":74},{"title":"Beratungsstellen","link":"\/wie-ins-ausland\/beratungsstellen\/","target":"","current":0,"uid":8},{"title":"F\u00f6rderdatenbank","link":"\/wie-ins-ausland\/foerderprogramme\/","target":"","current":0,"uid":90}]},{"title":"Wer sind wir?","link":"\/wer-sind-wir\/","target":"","current":0,"uid":108,"children":[{"title":"Unsere Aufgaben","link":"\/wer-sind-wir\/unsere-aufgaben\/","target":"","current":0,"uid":107},{"title":"Unsere Entstehung","link":"\/wer-sind-wir\/unsere-entstehung\/","target":"","current":0,"uid":110},{"title":"Unser Team","link":"\/wer-sind-wir\/unser-team\/","target":"","current":0,"uid":22},{"title":"Unsere Partner","link":"\/wer-sind-wir\/unsere-partner\/","target":"","current":0,"uid":132},{"title":"Aktuelles","link":"\/wer-sind-wir\/aktuelles\/","target":"","current":0,"uid":23}]},{"title":"Was bieten wir?","link":"\/was-bieten-wir\/","target":"","current":0,"uid":4,"children":[{"title":"Was wir f\u00f6rdern","link":"\/was-bieten-wir\/was-wir-foerdern\/","target":"","current":0,"uid":113},{"title":"Projektstandorte","link":"\/was-bieten-wir\/projektstandorte\/","target":"","current":0,"uid":130},{"title":"Unsere Schwerpunktzielgruppen","link":"\/was-bieten-wir\/unsere-schwerpunktzielgruppen\/","target":"","current":0,"uid":126},{"title":"Unsere Schwerpunktregionen","link":"\/was-bieten-wir\/unsere-schwerpunktregionen\/","target":"","current":0,"uid":16,"children":[{"title":"Afrika","link":"\/was-bieten-wir\/unsere-schwerpunktregionen\/afrika\/","target":"","current":0,"uid":59},{"title":"Israel","link":"\/was-bieten-wir\/unsere-schwerpunktregionen\/israel\/","target":"","current":0,"uid":62},{"title":"Tschechien","link":"\/was-bieten-wir\/unsere-schwerpunktregionen\/tschechien\/","target":"","current":0,"uid":61},{"title":"USA","link":"\/was-bieten-wir\/unsere-schwerpunktregionen\/usa\/","target":"","current":0,"uid":60},{"title":"Vereinigtes K\u00f6nigreich","link":"\/was-bieten-wir\/unsere-schwerpunktregionen\/vereinigtes-koenigreich\/","target":"","current":0,"uid":63}]},{"title":"Netzwerktreffen","link":"\/was-bieten-wir\/netzwerktreffen\/","target":"","current":0,"uid":19}]}],"content":{"colPos0":[{"id":9,"type":"sitepackage_hero","colPos":0,"appearance":{"spaceAfter":"small","imageorient":""},"content":{"header":"<h1>Aus Bayern <span class=\"text-purple-400\">in die Welt<\/span><\/h1>","subheader":"Jeder junge Mensch in Bayern soll an einem Jugend- oder Sch\u00fcleraustausch teilnehmen k\u00f6nnen! Wir vernetzen, informieren zu Angeboten, Finanzierung und Beratungsstellen f\u00fcr den Weg ins Ausland und f\u00f6rdern Austausch f\u00fcr bestimmte Zielgruppen und Regionen."},"images":[{"publicUrl":"https:\/\/cms.jugendaustausch.bayern\/storage\/_processed_\/3\/2\/csm_Florian-beim-beruflichen-Austausch-in-den-USA_1ae83da2d7.jpg","properties":{"title":"Florian beim beruflichen Austausch in den USA","alternative":"Florian h\u00e4lt beim beruflichen Austausch in den USA ein kleines Krokodil in den H\u00e4nden","description":null,"link":null,"linkData":null,"mimeType":"image\/jpeg","type":"image","filename":"csm_Florian-beim-beruflichen-Austausch-in-den-USA_1ae83da2d7.jpg","originalUrl":"\/storage\/Redaktion\/Startseite\/Florian-beim-beruflichen-Austausch-in-den-USA.jpg","uidLocal":772,"fileReferenceUid":1006,"size":"82 KB","dimensions":{"width":547,"height":1080},"cropDimensions":{"width":547,"height":1080},"crop":{"default":{"cropArea":{"x":0.22324565217391312,"y":0,"width":0.5055086956521738,"height":0.998},"selectedRatio":"upright","focusArea":null}},"autoplay":null,"extension":null,"icon":"IconPlane","copyright":null}},{"publicUrl":"https:\/\/cms.jugendaustausch.bayern\/storage\/_processed_\/4\/d\/csm_Betty-Akhibe-drei-Wochen-Jugendaustausch-in-Tansania_5477daf37f.jpg","properties":{"title":"Betty beim Jugendaustausch in Tansania","alternative":"Betty war in Tansania bei einem Jugendaustausch","description":null,"link":null,"linkData":null,"mimeType":"image\/jpeg","type":"image","filename":"csm_Betty-Akhibe-drei-Wochen-Jugendaustausch-in-Tansania_5477daf37f.jpg","originalUrl":"\/storage\/Redaktion\/Warum_Jugendaustausch\/Erfahrungsberichte\/Betty-Akhibe-drei-Wochen-Jugendaustausch-in-Tansania.jpg","uidLocal":140,"fileReferenceUid":202,"size":"109 KB","dimensions":{"width":547,"height":1080},"cropDimensions":{"width":547,"height":1080},"crop":{"default":{"cropArea":{"x":0.024318840579710174,"y":0,"width":0.6753623188405797,"height":1},"selectedRatio":"upright","focusArea":null}},"autoplay":null,"extension":null,"icon":"IconGlobe","copyright":null}},{"publicUrl":"https:\/\/cms.jugendaustausch.bayern\/storage\/_processed_\/3\/6\/csm_Emilia-und-Johanna-beim-Sch%C3%BCleraustausch-in-Schottland_923b4773b3.jpg","properties":{"title":"Emilia und Johanna beim Sch\u00fcleraustausch in Schottland","alternative":"Emilia und Johanna beim Sch\u00fcleraustausch in Schottland","description":null,"link":null,"linkData":null,"mimeType":"image\/jpeg","type":"image","filename":"csm_Emilia-und-Johanna-beim-Sch\u00fcleraustausch-in-Schottland_923b4773b3.jpg","originalUrl":"\/storage\/Redaktion\/Startseite\/Emilia-und-Johanna-beim-Sch%C3%BCleraustausch-in-Schottland.jpg","uidLocal":771,"fileReferenceUid":1005,"size":"97 KB","dimensions":{"width":547,"height":1080},"cropDimensions":{"width":547,"height":1080},"crop":{"default":{"cropArea":{"x":0.2722456521739131,"y":0.001,"width":0.5055086956521738,"height":0.998},"selectedRatio":"upright","focusArea":null}},"autoplay":null,"extension":null,"icon":"IconCompass","copyright":null}}],"button":[{"title":"Mehr \u00fcber uns","icon":"","blank":false,"target":"\/wer-sind-wir\/"}]},{"id":10,"type":"sitepackage_quickstart","colPos":0,"appearance":{"spaceAfter":"medium","imageorient":""},"content":{"header":"Wie ins Ausland?","listitems":[{"title":"Auslandskompass","subtitle":"Noch keinen Plan wie und wohin? Mach den Test!","icon":"IconIdea","link":"\/wie-ins-ausland\/auslandskompass\/"},{"title":"Was und wohin?","subtitle":"Passendes Austauschformat & Zielland finden","icon":"IconGlobe","link":"\/wie-ins-ausland\/was-und-wohin\/"},{"title":"Angebote aus Bayern","subtitle":"Exklusive Angebote f\u00fcr Jugendliche im Freistaat","icon":"IconCompass","link":"\/wie-ins-ausland\/angebote-aus-bayern\/"},{"title":"Last Minute Markt","subtitle":"Freie Pl\u00e4tze f\u00fcr Workcamps & Co. in aller Welt","icon":"IconPlane","link":"\/wie-ins-ausland\/last-minute-markt\/"},{"title":"Beratungsstellen","subtitle":"Finde den richtigen Ansprechpartner","icon":"IconMap","link":"\/wie-ins-ausland\/beratungsstellen\/"},{"title":"F\u00f6rderprogramme","subtitle":"Finanzierungsm\u00f6glichkeiten f\u00fcr deinen Austausch","icon":"IconBag","link":"\/wie-ins-ausland\/foerderprogramme\/"}]}},{"id":670,"type":"sitepackage_textimage","colPos":0,"appearance":{"spaceAfter":"medium","imageorient":"beside-text-right","layout":"small"},"content":{"header":"FAQ Jugend- und Sch\u00fcleraustausch","overline":"","bodytext":"<p>Was ist eigentlich Jugend- oder Sch\u00fcleraustausch? Wer kann teilnehmen? Wie kann ich ihn organisieren?<\/p>","footnote":""},"image":[{"publicUrl":"https:\/\/cms.jugendaustausch.bayern\/storage\/_processed_\/1\/1\/csm_FAQ-%C3%9Cbersicht_e78d60cf6b.jpg","properties":{"title":null,"alternative":"Leuchtzeichen mit rotem Fragezeichen an H\u00e4userwand","description":null,"link":null,"linkData":null,"mimeType":"image\/jpeg","type":"image","filename":"csm_FAQ-\u00dcbersicht_e78d60cf6b.jpg","originalUrl":"\/storage\/Redaktion\/Warum_Jugendaustausch\/FAQ-%C3%9Cbersicht.jpg","uidLocal":850,"fileReferenceUid":1148,"size":"182 KB","dimensions":{"width":1080,"height":1080},"cropDimensions":{"width":1080,"height":1080},"crop":{"default":{"cropArea":{"x":0.21857410881801126,"y":0,"width":0.5628517823639775,"height":1},"selectedRatio":"1:1","focusArea":null}},"autoplay":null,"extension":null,"icon":null,"copyright":"unsplash.com | Uladzislau Petrushkevich"}}],"button":[{"title":"Antworten auf die h\u00e4ufigsten Fragen","icon":"","blank":false,"target":"\/was-ist-jugendaustausch\/haeufige-fragen-zum-jugend-und-schueleraustausch\/"}]},{"id":11,"type":"sitepackage_textimage","colPos":0,"appearance":{"spaceAfter":"medium","imageorient":"beside-text-left","layout":"small"},"content":{"header":"Erfahrungsberichte von Jugendlichen","overline":"","bodytext":"<p>Wir haben mit jungen Menschen gesprochen, die dank unserer F\u00f6rderung im Ausland waren.<\/p>\n<p>Was waren ihre Highlights? Welche Herausforderungen mussten sie l\u00f6sen? Welche Tipps haben sie f\u00fcr andere Jugendlichen?<\/p>","footnote":""},"image":[{"publicUrl":"https:\/\/cms.jugendaustausch.bayern\/storage\/_processed_\/3\/a\/csm_Erfahrungsberichte-bayerischer-Jugendlichen-im-Ausland-min_2e4a0573b9.jpg","properties":{"title":null,"alternative":"Selfie von Samaa mit ihrer Jugendleiterin und weiteren Jugendlichen aus ihrem Jugendtreff vor der Abreise am Bahnhof in Erlangen","description":null,"link":null,"linkData":null,"mimeType":"image\/jpeg","type":"image","filename":"csm_Erfahrungsberichte-bayerischer-Jugendlichen-im-Ausland-min_2e4a0573b9.jpg","originalUrl":"\/storage\/user_upload\/Erfahrungsberichte-bayerischer-Jugendlichen-im-Ausland-min.png","uidLocal":801,"fileReferenceUid":1043,"size":"162 KB","dimensions":{"width":1080,"height":1080},"cropDimensions":{"width":1080,"height":1080},"crop":{"default":{"cropArea":{"x":0,"y":0,"width":1,"height":1},"selectedRatio":"1:1","focusArea":null}},"autoplay":null,"extension":null,"icon":null,"copyright":"Samaa | privat"}}],"button":[{"title":"Lies die Interviews","icon":"","blank":false,"target":"\/was-ist-jugendaustausch\/interviews-mit-jugendlichen\/"}]},{"id":629,"type":"sitepackage_textimage","colPos":0,"appearance":{"spaceAfter":"medium","imageorient":"beside-text-right","layout":"small"},"content":{"header":"Interviews mit Fach- und Lehrkr\u00e4ften","overline":"","bodytext":"<p>Wie organisiere ich einen internationalen Jugend- oder Sch\u00fcleraustausch?&nbsp;<\/p>\n<p>Fachkr\u00e4fte der Jugendarbeit und Lehrkr\u00e4fte erz\u00e4hlen, wie es geht.<\/p>","footnote":""},"image":[{"publicUrl":"https:\/\/cms.jugendaustausch.bayern\/storage\/_processed_\/7\/5\/csm_Erfahrungsberichte-zum-Schueler-und-Jugendaustausch-von-Lehr-und-Fachkraeften_e0a83e64fe.jpg","properties":{"title":null,"alternative":"Die Schulleiter der Luise-Kiesselbach Fachschule f\u00fcr Heilerziehungspflege mit Sonnenbrillen und Studierenden beim beruflichen Austausch in Barcelona","description":null,"link":null,"linkData":null,"mimeType":"image\/jpeg","type":"image","filename":"csm_Erfahrungsberichte-zum-Schueler-und-Jugendaustausch-von-Lehr-und-Fachkraeften_e0a83e64fe.jpg","originalUrl":"\/storage\/Redaktion\/Startseite\/Erfahrungsberichte-zum-Schueler-und-Jugendaustausch-von-Lehr-und-Fachkraeften.jpg","uidLocal":775,"fileReferenceUid":1010,"size":"253 KB","dimensions":{"width":1080,"height":1080},"cropDimensions":{"width":1080,"height":1080},"crop":{"default":{"cropArea":{"x":0,"y":0,"width":1,"height":1},"selectedRatio":"1:1","focusArea":null}},"autoplay":null,"extension":null,"icon":null,"copyright":"Alena Settele und Georg Wagner, Luise-Kiesselbach-Fachschule f\u00fcr Heilerziehungspflege"}}],"button":[{"title":"Zu den Erfahrungsberichten","icon":"","blank":false,"target":"\/was-ist-jugendaustausch\/interviews-mit-fach-und-lehrkraeften\/"}]},{"id":226,"type":"offers_teaser","colPos":0,"appearance":{"spaceAfter":"none","imageorient":""},"content":{"header":"Angebote aus Bayern","subheader":"Du m\u00f6chtest aus Bayern in die Welt? Diese internationalen Jugendbegegnungen eignen sich f\u00fcr Jugendliche aus dem Freistaat. Jetzt Austauschprogramm finden und bewerben!","headerLayout":2,"headerSemantics":2,"headerPosition":"","headerLink":"","data":{"offers":[{"abstract":"f\u00fcr junge Menschen zwischen 15 bis 26 Jahren","archive":false,"description":"<figure class=\"table\"><table><tbody><tr><td>Angebot von:<\/td><td>Jugendbildungsst\u00e4tte Waldm\u00fcnchen<\/td><\/tr><tr><td>Bewerbungsfrist:<\/td><td>12.11.2026<\/td><\/tr><tr><td>Ort(e):<\/td><td>Jugendbildungsst\u00e4tte Waldm\u00fcnchen<\/td><\/tr><tr><td>Datum:<\/td><td>04.-06.12.2026<\/td><\/tr><tr><td>Zielgruppe:<\/td><td>Junge Menschen zwischen 15 und 26 Jahren<\/td><\/tr><\/tbody><\/table><\/figure>\n<p class=\"text-justify\">Du bist zwischen 15 und 26 Jahre alt und hast Lust, Leute aus Tschechien kennenzulernen? Dann komm zum deutsch-tschechischen Videoworkshop von ahoj.info in der Jugendbildungsst\u00e4tte Waldm\u00fcnchen! Hier triffst du Jugendliche aus Deutschland und Tschechien, lernst ganz nebenbei die Sprache des Nachbarlandes und l\u00f6st gemeinsam mit anderen spannende Aufgaben, nat\u00fcrlich mit modernen Medien und jeder Menge Spa\u00df. Ob beim Spielen, bei gemeinsamen Challenges oder beim deutsch-tschechischen Abend, lernst du Leute Kennen, probierst etwas Neues und kn\u00fcpfst Kontakte \u00fcber die Grenze hinweg.&nbsp;<\/p>\n<p class=\"text-justify\"><a href=\"https:\/\/www.jugendbildungsstaette.org\/bildung\/jahresprogramm\/2026_ahoj-info-videoworkshop\/\" target=\"_blank\" title=\"CVJM Bayern\" rel=\"noreferrer\">Weitere Informationen zum Videoworkshop ahoj.info<\/a><\/p>","detailUrl":"\/wie-ins-ausland\/angebote-aus-bayern\/ahojinfo-videoworkshop\/","external":false,"listUrl":"\/wie-ins-ausland\/angebote-aus-bayern\/","processedImage":{"publicUrl":"https:\/\/cms.jugendaustausch.bayern\/storage\/_processed_\/f\/7\/csm_Video_WS_kelly-huang-2bZnaKfM2JA-unsplash_11f5de5a80.jpg","properties":{"title":null,"alternative":"M\u00e4dchen vor oranger Wand beim Video-WS","description":null,"link":null,"linkData":null,"mimeType":"image\/jpeg","type":"image","filename":"csm_Video_WS_kelly-huang-2bZnaKfM2JA-unsplash_11f5de5a80.jpg","originalUrl":"\/storage\/Redaktion\/Wie_ins_Ausland\/Angebote_aus_Bayern\/Video_WS_kelly-huang-2bZnaKfM2JA-unsplash.jpg","uidLocal":949,"fileReferenceUid":1435,"size":"145 KB","dimensions":{"width":1920,"height":1080},"cropDimensions":{"width":1920,"height":1080},"crop":"{\"default\":{\"cropArea\":{\"x\":0,\"y\":0.078125,\"width\":1,\"height\":0.84375},\"selectedRatio\":\"16:9\",\"focusArea\":null}}","autoplay":null,"extension":null,"icon":null,"copyright":"Video WS kelly-huang-2bZnaKfM2JA-unsplash"}},"title":"Deutsch-tschechischer Videoworkshop","uid":136},{"abstract":"Englischsprachcamps auf der Burg Wernfels f\u00fcr Sch\u00fcler ab 13 bis 21 Jahren","archive":false,"description":"<figure class=\"table\"><table><tbody><tr><td>Angebot von:<\/td><td>CVJM Bayern<\/td><\/tr><tr><td>Bewerbungsfrist:<\/td><td>Fortlaufend<\/td><\/tr><tr><td>Ort(e):<\/td><td>Burg Wernfels (Deutschland)<\/td><\/tr><tr><td>Datum:<\/td><td>Fortlaufend<\/td><\/tr><tr><td>Zielgruppe:<\/td><td>Sch\u00fcler ab 13 bis 21 Jahren<\/td><\/tr><tr><td>Camps mit freien Pl\u00e4tzen:<\/td><td><p>&nbsp;<\/p><ul><li>11.01. - 15.01.2027 (f\u00fcr Schulklassen)<\/li><li>08.02. - 12.02.2027 (f\u00fcr einzelne Jugendliche offen)<\/li><li>10.05. - 14.05.2027 (f\u00fcr Schulklassen)<\/li><li>07.06. - 11.06.2027 (f\u00fcr Schulklassen)<\/li><li>14.06. - 18.06.2027 (f\u00fcr Schulklassen)<\/li><li>05.07. - 09.07.2027 (f\u00fcr Schulklassen)<\/li><li>12.07. - 16.07.2027 (f\u00fcr Schulklassen)<\/li><li>31.07. - 06.08.2027 (f\u00fcr einzelne Jugendliche offen)<\/li><\/ul><\/td><\/tr><\/tbody><\/table><\/figure>\n<p class=\"text-justify\">Bei den \u201eGlobalCastle\u201c-Sprachcamps des CVJM Bayern kommen Jugendliche aus Mittelschulen, Realschulen und beruflichen Schulen mit internationalen Teamern aus L\u00e4ndern von Brasilien bis Tschechien zusammen. Sie verbringen gemeinsam eine Woche auf der Burg Wernfels in der N\u00e4he von N\u00fcrnberg. Hier machen sie Sport, musizieren oder arbeiten kreativ.<br><br>Als Teilnehmender sprichst du w\u00e4hrend des gesamten Programms ausschlie\u00dflich Englisch. So wirst du fit f\u00fcr einen internationalen Jugendaustausch. In Workshops lernst du zudem Austausch- und F\u00f6rderprogramme kennen, mit denen es direkt losgehen kann.&nbsp;<\/p>\n<p class=\"text-justify\">Im Jahr 2026 finden dreizehn Camps statt.&nbsp;<\/p>\n<p class=\"text-justify\"><a href=\"https:\/\/www.cvjm-bayern.de\/website\/de\/cb\/bereiche\/teenager\/globalcastle\" target=\"_blank\" title=\"CVJM Bayern\" rel=\"noreferrer\">Weitere Informationen zu den \u201eGlobalCastle\u201c-Sprachcamps des CVJM-Landesverband Bayern<\/a><\/p>","detailUrl":"\/wie-ins-ausland\/angebote-aus-bayern\/globalcastle\/","external":false,"listUrl":"\/wie-ins-ausland\/angebote-aus-bayern\/","processedImage":{"publicUrl":"https:\/\/cms.jugendaustausch.bayern\/storage\/_processed_\/b\/4\/csm_Sprach-Praxiscamp-GlobalCastle_e607bbdcdf.jpg","properties":{"title":null,"alternative":null,"description":null,"link":null,"linkData":null,"mimeType":"image\/jpeg","type":"image","filename":"csm_Sprach-Praxiscamp-GlobalCastle_e607bbdcdf.jpg","originalUrl":"\/storage\/Redaktion\/Was_bieten_wir\/Programme\/Sprach-Praxiscamp-GlobalCastle.jpg","uidLocal":457,"fileReferenceUid":448,"size":"224 KB","dimensions":{"width":1200,"height":675},"cropDimensions":{"width":1200,"height":675},"crop":"{\"default\":{\"cropArea\":{\"x\":0,\"y\":0.058823529411764705,\"width\":1,\"height\":0.8823529411764706},\"selectedRatio\":\"16:9\",\"focusArea\":null}}","autoplay":null,"extension":null,"icon":null,"copyright":"GlobalCastle"}},"title":"GlobalCastle","uid":28},{"abstract":"Dreij\u00e4hriges Projekt f\u00fcr Jugendliche von 15 bis 17 Jahren","archive":false,"description":"<figure class=\"table\"><table><tbody><tr><td>Angebot von:<\/td><td>P\u00e4dagogisches Institut \u2013 Zentrum f\u00fcr Kommunales Bildungsmanagement<\/td><td>&nbsp;<\/td><\/tr><tr><td>Anmeldefrist:<\/td><td>keine<\/td><td>&nbsp;<\/td><\/tr><tr><td>Ort(e):<\/td><td>M\u00fcnchen (Deutschland)<\/td><td>&nbsp;<\/td><\/tr><tr><td>Datum:<\/td><td>kontinuierlich \u00fcber 3 Jahre<br>1. Jugendbegegnung: 27.07. \u2013 07.08.2026 in M\u00fcnchen<br>2. und 3. Jugendbegegnung: 2027 und 2028 (in den Partnerst\u00e4dten)<\/td><td>&nbsp;<\/td><\/tr><tr><td>Zielgruppe:<\/td><td>Jugendliche zwischen 15 bis 17 Jahren aus M\u00fcnchen<\/td><td>&nbsp;<\/td><\/tr><\/tbody><\/table><\/figure>\n<p>Werde Teil des internationalen Netzwerks \u201eGeneration Europe - The Academy\u201c! In dem Projekt arbeitest du \u00fcber drei Jahre hinweg kontinuierlich an spannenden Projekten mit Gleichaltrigen aus M\u00fcnchen und von europ\u00e4ischen Partnerorganisationen. Zum Projekt geh\u00f6rt einmal im Jahr ein Jugendaustausch, bei dem du M\u00fcnchens Partnerst\u00e4dte kennenlernst. Die Teilnahme ist komplett kostenlos, Vorkenntnisse oder Bestnoten sind nicht erforderlich. Was du brauchst, sind Interesse daran, Europa aktiv zu gestalten und deine Community zu bewegen.<\/p>\n<p><a href=\"https:\/\/www.pi-muenchen.de\/generation-europe\/\" target=\"_blank\" rel=\"noreferrer\">Weitere Informationen zum Projekt \u201eGeneration Europe - The Academy\u201c f\u00fcr M\u00fcnchner Sch\u00fcler aller Schulformen<\/a><\/p>","detailUrl":"\/wie-ins-ausland\/angebote-aus-bayern\/generation-europe-fuer-jugendliche-aus-muenchen\/","external":false,"listUrl":"\/wie-ins-ausland\/angebote-aus-bayern\/","processedImage":{"publicUrl":"https:\/\/cms.jugendaustausch.bayern\/storage\/_processed_\/2\/1\/csm_Generation-Europe-Walk-Democracy_db2a9b2a1a.jpg","properties":{"title":null,"alternative":"Jugendliche demonstrieren f\u00fcr das Grundgesetz","description":null,"link":null,"linkData":null,"mimeType":"image\/jpeg","type":"image","filename":"csm_Generation-Europe-Walk-Democracy_db2a9b2a1a.jpg","originalUrl":"\/storage\/Redaktion\/Wie_ins_Ausland\/Angebote_aus_Bayern\/Generation-Europe-Walk-Democracy.jpg","uidLocal":888,"fileReferenceUid":1230,"size":"311 KB","dimensions":{"width":1920,"height":1080},"cropDimensions":{"width":1920,"height":1080},"crop":"{\"default\":{\"cropArea\":{\"x\":0,\"y\":0.0003125,\"width\":1,\"height\":0.999375},\"selectedRatio\":\"16:9\",\"focusArea\":null}}","autoplay":null,"extension":null,"icon":null,"copyright":"P\u00e4dagogisches Institut \u2013 Zentrum f\u00fcr Kommunales Bildungsmanagement"}},"title":"Generation Europe - The Academy in M\u00fcnchen","uid":123}],"extendedLayout":true,"listUrl":"\/wie-ins-ausland\/angebote-aus-bayern\/"}}},{"id":49,"type":"articles_teaser","colPos":0,"appearance":{"spaceAfter":"none","imageorient":""},"content":{"header":"Aktuelles","subheader":"","headerLayout":0,"headerSemantics":2,"headerPosition":"","headerLink":"","data":{"articles":[{"abstract":"sowie neue Publikationen zum Thema Internationaler Jugend- und Sch\u00fcleraustausch","date":1787213295,"detailUrl":"\/wer-sind-wir\/aktuelles\/aktuelle-veranstaltungen-unserer-partner-fuer-lehr-und-fachkraefte\/","external":false,"listUrl":"\/wer-sind-wir\/aktuelles\/","pressArticle":false,"processedImage":{"publicUrl":"https:\/\/cms.jugendaustausch.bayern\/storage\/_processed_\/5\/8\/csm_Veranstaltungen-fuer-Lehr-und-Fachkraefte_9416eb2856.jpg","properties":{"title":null,"alternative":"Mehrere junge Fachkr\u00e4ften der Jugendarbeit sitzen an einem Tisch","description":null,"link":null,"linkData":null,"mimeType":"image\/jpeg","type":"image","filename":"csm_Veranstaltungen-fuer-Lehr-und-Fachkraefte_9416eb2856.jpg","originalUrl":"\/storage\/Redaktion\/Wer_sind_wir\/Aktuelles\/Veranstaltungen-fuer-Lehr-und-Fachkraefte.jpg","uidLocal":872,"fileReferenceUid":1195,"size":"272 KB","dimensions":{"width":1920,"height":1080},"cropDimensions":{"width":1920,"height":1080},"crop":"{\"default\":{\"cropArea\":{\"x\":0,\"y\":0.0003125,\"width\":1,\"height\":0.999375},\"selectedRatio\":\"16:9\",\"focusArea\":null}}","autoplay":null,"extension":null,"icon":null,"copyright":"unsplash.com | Brooke Cagle"}},"title":"Aktuelle Veranstaltungen f\u00fcr Lehr- und Fachkr\u00e4fte","uid":34},{"abstract":"Jugendliche aus M\u00fcnchen, Polen und Estland besch\u00e4ftigen sich mit europ\u00e4ischen Zukunftsfragen","date":1786094413,"detailUrl":"\/wer-sind-wir\/aktuelles\/jugendbegegnung-generation-europe-muenchen\/","external":false,"listUrl":"\/presse\/","pressArticle":true,"processedImage":{"publicUrl":"https:\/\/cms.jugendaustausch.bayern\/storage\/_processed_\/9\/a\/csm_2026_Generation_Europe_6_599c5b00bc.jpg","properties":{"title":null,"alternative":"Junger Teilnehmer h\u00e4lt eine Flagge mit der Aufschrift \"Generation Europe - The Academy\" hoch","description":null,"link":null,"linkData":null,"mimeType":"image\/jpeg","type":"image","filename":"csm_2026_Generation_Europe_6_599c5b00bc.jpg","originalUrl":"\/storage\/Redaktion\/Wer_sind_wir\/Aktuelles\/26-08-05_Generation_Europe\/2026_Generation_Europe_6.jpg","uidLocal":937,"fileReferenceUid":1421,"size":"144 KB","dimensions":{"width":1920,"height":1078},"cropDimensions":{"width":1920,"height":1078},"crop":"{\"default\":{\"cropArea\":{\"height\":0.8425787106446777,\"width\":1,\"x\":0,\"y\":0},\"selectedRatio\":\"16:9\",\"focusArea\":null}}","autoplay":null,"extension":null,"icon":null,"copyright":"Stiftung Jugendaustausch Bayern"}},"title":"Jugendbegegnung \u201eGeneration Europe\u201c startet erfolgreich in M\u00fcnchen","uid":82}],"listUrl":"\/wer-sind-wir\/aktuelles\/","listButtonText":"Weitere Meldungen"}}},{"id":227,"type":"sitepackage_teaser","colPos":0,"appearance":{"spaceAfter":"small","imageorient":""},"header":"Was bieten wir?","subheader":"Erfahre mehr \u00fcber unsere F\u00f6rderprogramme und gef\u00f6rderten Projekte, unsere geografischen Schwerpunkte, sowie dar\u00fcber, wie wir die Beteiligten im Jugend- und Sch\u00fcleraustausch in Bayern vernetzen. ","headerLayout":"2","headerSemantics":"2","teasers":[{"type":"image","title":"Was wir f\u00f6rdern","subtitle":"","target":"\/was-bieten-wir\/was-wir-foerdern\/","icon":"","image":[{"publicUrl":"https:\/\/cms.jugendaustausch.bayern\/storage\/user_upload\/Unsere-Programme-Startseite-Beruflicher-Austausch-USA.jpg","properties":{"title":null,"alternative":"Gruppe aus Lehrern und Sch\u00fclern - teilweise in Dirndl und Lederhose - steht in den USA vor einem gr\u00fcnen Schulbus","description":null,"link":null,"linkData":null,"mimeType":"image\/jpeg","type":"image","filename":"Unsere-Programme-Startseite-Beruflicher-Austausch-USA.jpg","originalUrl":"\/storage\/user_upload\/Unsere-Programme-Startseite-Beruflicher-Austausch-USA.jpg","uidLocal":732,"fileReferenceUid":956,"size":"476 KB","dimensions":{"width":920,"height":460},"cropDimensions":{"width":920,"height":460},"crop":{"desktop":{"cropArea":{"x":0.1666666666666667,"y":0,"width":0.6666666666666666,"height":1},"selectedRatio":"4:3","focusArea":null},"tablet":{"cropArea":{"x":0,"y":0.07142857142857144,"width":1,"height":0.8571428571428571},"selectedRatio":"21:9","focusArea":null},"mobile":{"cropArea":{"x":0.05555555555555559,"y":0,"width":0.8888888888888888,"height":1},"selectedRatio":"16:9","focusArea":null}},"autoplay":null,"extension":"jpg","icon":null,"copyright":"Berufliche Schulen Landshut-Sch\u00f6nbrunn"},"cropVariants":{"desktop":{"publicUrl":"https:\/\/cms.jugendaustausch.bayern\/storage\/_processed_\/1\/d\/csm_Unsere-Programme-Startseite-Beruflicher-Austausch-USA_20b01910ab.jpg","properties":{"dimensions":{"width":613,"height":460}}},"tablet":{"publicUrl":"https:\/\/cms.jugendaustausch.bayern\/storage\/_processed_\/1\/d\/csm_Unsere-Programme-Startseite-Beruflicher-Austausch-USA_d7943d90c0.jpg","properties":{"dimensions":{"width":920,"height":394}}},"mobile":{"publicUrl":"https:\/\/cms.jugendaustausch.bayern\/storage\/_processed_\/1\/d\/csm_Unsere-Programme-Startseite-Beruflicher-Austausch-USA_32bbc7f5ff.jpg","properties":{"dimensions":{"width":817,"height":460}}}}}]},{"type":"image","title":"Unsere Schwerpunktzielgruppen","subtitle":"","target":"\/was-bieten-wir\/unsere-schwerpunktzielgruppen\/","icon":"","image":[{"publicUrl":"https:\/\/cms.jugendaustausch.bayern\/storage\/_processed_\/5\/d\/csm_mittel-real-und-berufliche-schueler-stehen-bei-aktivitaeten-der-stiftung-im-fokus_aef7324617.jpg","properties":{"title":null,"alternative":"Beine von zwei Jugendlichen mit Jeans und Sneakern baumeln vor einer mit Graffiti bespr\u00fchten Wand ","description":null,"link":null,"linkData":null,"mimeType":"image\/jpeg","type":"image","filename":"csm_mittel-real-und-berufliche-schueler-stehen-bei-aktivitaeten-der-stiftung-im-fokus_aef7324617.jpg","originalUrl":"\/storage\/user_upload\/mittel-real-und-berufliche-schueler-stehen-bei-aktivitaeten-der-stiftung-im-fokus.jpg","uidLocal":862,"fileReferenceUid":1177,"size":"476 KB","dimensions":{"width":1919,"height":1080},"cropDimensions":{"width":1919,"height":1080},"crop":{"desktop":{"cropArea":{"x":0.124765478424015,"y":0,"width":0.7504690431519699,"height":1},"selectedRatio":"4:3","focusArea":null},"tablet":{"cropArea":{"x":0,"y":0.1192857142857143,"width":1,"height":0.7614285714285713},"selectedRatio":"21:9","focusArea":null},"mobile":{"cropArea":{"x":0,"y":0.0003125,"width":1,"height":0.999375},"selectedRatio":"16:9","focusArea":null}},"autoplay":null,"extension":null,"icon":null,"copyright":"unsplash.com | Aedrian Salazar"},"cropVariants":{"desktop":{"publicUrl":"https:\/\/cms.jugendaustausch.bayern\/storage\/_processed_\/5\/d\/csm_mittel-real-und-berufliche-schueler-stehen-bei-aktivitaeten-der-stiftung-im-fokus_0ef4e5fd38.jpg","properties":{"dimensions":{"width":1440,"height":1080}}},"tablet":{"publicUrl":"https:\/\/cms.jugendaustausch.bayern\/storage\/_processed_\/5\/d\/csm_mittel-real-und-berufliche-schueler-stehen-bei-aktivitaeten-der-stiftung-im-fokus_7c89304e65.jpg","properties":{"dimensions":{"width":1920,"height":823}}},"mobile":{"publicUrl":"https:\/\/cms.jugendaustausch.bayern\/storage\/_processed_\/5\/d\/csm_mittel-real-und-berufliche-schueler-stehen-bei-aktivitaeten-der-stiftung-im-fokus_053b7407b5.jpg","properties":{"dimensions":{"width":1920,"height":1080}}}}}]},{"type":"image","title":"Unsere Schwerpunktregionen","subtitle":"","target":"\/was-bieten-wir\/unsere-schwerpunktregionen\/","icon":"","image":[{"publicUrl":"https:\/\/cms.jugendaustausch.bayern\/storage\/_processed_\/e\/7\/csm_subhash-nusetti-9tmrYLRL7Ww-unsplash_4937dd3f3f.jpg","properties":{"title":"Globus","alternative":"Globus","description":null,"link":null,"linkData":null,"mimeType":"image\/jpeg","type":"image","filename":"csm_subhash-nusetti-9tmrYLRL7Ww-unsplash_4937dd3f3f.jpg","originalUrl":"\/storage\/Redaktion\/Startseite\/subhash-nusetti-9tmrYLRL7Ww-unsplash.jpg","uidLocal":437,"fileReferenceUid":336,"size":"72 KB","dimensions":{"width":810,"height":1080},"cropDimensions":{"width":810,"height":1080},"crop":{"desktop":{"cropArea":{"x":0,"y":0.24124999999999994,"width":1,"height":0.5625},"selectedRatio":"4:3","focusArea":null},"tablet":{"cropArea":{"x":0,"y":0.2842857142857143,"width":1,"height":0.32142857142857145},"selectedRatio":"21:9","focusArea":null},"mobile":{"cropArea":{"x":0,"y":0.2440625,"width":1,"height":0.421875},"selectedRatio":"16:9","focusArea":null}},"autoplay":null,"extension":null,"icon":null,"copyright":"unsplash.com | Subhash Nusetti"},"cropVariants":{"desktop":{"publicUrl":"https:\/\/cms.jugendaustausch.bayern\/storage\/_processed_\/e\/7\/csm_subhash-nusetti-9tmrYLRL7Ww-unsplash_4edfb896a7.jpg","properties":{"dimensions":{"width":1440,"height":1080}}},"tablet":{"publicUrl":"https:\/\/cms.jugendaustausch.bayern\/storage\/_processed_\/e\/7\/csm_subhash-nusetti-9tmrYLRL7Ww-unsplash_0e054e28e1.jpg","properties":{"dimensions":{"width":1920,"height":823}}},"mobile":{"publicUrl":"https:\/\/cms.jugendaustausch.bayern\/storage\/_processed_\/e\/7\/csm_subhash-nusetti-9tmrYLRL7Ww-unsplash_602b5d71ac.jpg","properties":{"dimensions":{"width":1920,"height":1080}}}}}]}]}]},"breadcrumb":[{"title":"Stiftung Jugendaustausch Bayern","link":"\/","target":"","active":1,"current":1,"spacer":0,"hasSubpages":1}],"appearance":{"gradient":"blue","enable_sharelinks":false,"layout":"none"},"related_content":[]}